{"id":2101,"date":"2019-03-25T11:48:51","date_gmt":"2019-03-25T10:48:51","guid":{"rendered":"https:\/\/www.gibernauasesores.com\/politica-de-privacidad\/"},"modified":"2026-04-09T06:30:46","modified_gmt":"2026-04-09T04:30:46","slug":"politica-de-privacitat","status":"publish","type":"page","link":"https:\/\/www.gibernau.es\/ca\/politica-de-privacitat\/","title":{"rendered":"Pol\u00edtica de privacitat"},"content":{"rendered":"<div class=\"wpb-content-wrapper\"><p>[vc_row css_animation=&#8221;&#8221; row_type=&#8221;row&#8221; use_row_as_full_screen_section=&#8221;no&#8221; type=&#8221;grid&#8221; angled_section=&#8221;no&#8221; text_align=&#8221;left&#8221; background_image_as_pattern=&#8221;without_pattern&#8221; z_index=&#8221;&#8221; css=&#8221;.vc_custom_1548103624244{padding-top: 60px !important;padding-bottom: 120px !important;}&#8221;][vc_column][vc_column_text css=&#8221;&#8221;]<\/p>\n<div class=\"privacidad\">\n<h2>Dades del propietari del web<\/h2>\n<table>\n<tbody>\n<tr>\n<td>Ra\u00f3 social<\/td>\n<td>GIBERNAU ASESORES SL<\/td>\n<\/tr>\n<tr>\n<td>NIF<\/td>\n<td>B61777876<\/td>\n<\/tr>\n<tr>\n<td>Domini<\/td>\n<td>www.gibernau.es<\/td>\n<\/tr>\n<tr>\n<td>Adre\u00e7a postal<\/td>\n<td>Rambla de Catalunya 47, 1a, 08007 Barcelona (Barcelona)<\/td>\n<\/tr>\n<tr>\n<td>Adre\u00e7a electr\u00f2nica<\/td>\n<td><a href=\"mailto:adgibernau@gibernauasesores.com\">adgibernau@gibernauasesores.com<\/a><\/td>\n<\/tr>\n<tr>\n<td>Tel\u00e8fons<\/td>\n<td>934882860<\/td>\n<\/tr>\n<tr>\n<td>N\u00ba Registre \/ Dades addicionals<\/td>\n<td>Tom: 31107 \u00b7 Foli: 54 \u00b7 Full: B-186.912<\/td>\n<\/tr>\n<\/tbody>\n<\/table>\n<p><!-- Protecci\u00f3 de dades --><\/p>\n<h2>Protecci\u00f3 de dades<\/h2>\n<p>De conformitat amb la normativa vigent i aplicable en protecci\u00f3 de dades de car\u00e0cter personal, us informem que les vostres dades seran incorporades al sistema de tractament titularitat de GIBERNAU ASESORES SL amb NIF B61777876 i domicili social situat a la Rambla de Catalunya 47, 1a, 08007 Barcelona (Barcelona). A continuaci\u00f3, us indiquem els aspectes m\u00e9s destacables dels tractaments realitzats:<\/p>\n<p><!-- Tractaments --><\/p>\n<h2>Tractaments realitzats<\/h2>\n<table class=\"treatments-table\">\n<thead>\n<tr>\n<th>Tractament<\/th>\n<th>Detall<\/th>\n<\/tr>\n<\/thead>\n<tbody>\n<tr>\n<td class=\"label\">Gesti\u00f3 Formulari web<\/td>\n<td><span class=\"field-label\">Finalitat:<\/span> Atendre les vostres consultes i\/o sol\u00b7licituds.<br \/>\n<span class=\"field-label\">Termini de conservaci\u00f3:<\/span> Mentre es mantingui el consentiment atorgat.<br \/>\n<span class=\"field-label\">Base leg\u00edtima:<\/span> El consentiment de l&#8217;interessat.<br \/>\n<span class=\"field-label\">Tipologia de dades b\u00e0siques:<\/span> Nom i cognoms, adre\u00e7a electr\u00f2nica, adre\u00e7a IP.<\/td>\n<\/tr>\n<tr>\n<td class=\"label\">Butllet\u00ed de not\u00edcies<\/td>\n<td><span class=\"field-label\">Finalitat:<\/span> Gesti\u00f3 de la subscripci\u00f3 al butllet\u00ed de not\u00edcies, per realitzar les trameses corresponents.<br \/>\n<span class=\"field-label\">Termini de conservaci\u00f3:<\/span> Mentre es mantingui el consentiment atorgat.<br \/>\n<span class=\"field-label\">Base leg\u00edtima:<\/span> El consentiment de l&#8217;interessat.<br \/>\n<span class=\"field-label\">Tipologia de dades b\u00e0siques:<\/span> Nom i cognoms, adre\u00e7a electr\u00f2nica.<\/td>\n<\/tr>\n<tr>\n<td class=\"label\">Instal\u00b7laci\u00f3 de galetes<\/td>\n<td><span class=\"field-label\">Finalitat:<\/span> Gesti\u00f3 i instal\u00b7laci\u00f3 de les galetes.<br \/>\n<span class=\"field-label\">Termini de conservaci\u00f3:<\/span> Mentre es mantingui el consentiment atorgat.<br \/>\n<span class=\"field-label\">Base leg\u00edtima:<\/span> El consentiment de l&#8217;interessat.<br \/>\n<span class=\"field-label\">Tipologia de dades b\u00e0siques:<\/span> Adre\u00e7a electr\u00f2nica, adre\u00e7a IP.<\/td>\n<\/tr>\n<tr>\n<td class=\"label\">Gesti\u00f3 usuaris web<\/td>\n<td><span class=\"field-label\">Finalitat:<\/span> Captaci\u00f3, registre i tractament de dades de l&#8217;usuari.<br \/>\n<span class=\"field-label\">Termini de conservaci\u00f3:<\/span> Mentre es mantingui el consentiment atorgat, excepte obligaci\u00f3 legal.<br \/>\n<span class=\"field-label\">Base leg\u00edtima:<\/span> El consentiment de l&#8217;interessat.<br \/>\n<span class=\"field-label\">Tipologia de dades b\u00e0siques:<\/span> Nom i cognoms, adre\u00e7a electr\u00f2nica.<\/td>\n<\/tr>\n<\/tbody>\n<\/table>\n<p>Aix\u00ed mateix, us informem que podeu contactar amb el Delegat de Protecci\u00f3 de Dades, adre\u00e7ant-vos per escrit a la direcci\u00f3 de correu <a href=\"mailto:dpd.cliente@conversia.es\">dpd.cliente@conversia.es<\/a> o al tel\u00e8fon 902 877 192.<\/p>\n<p><!-- Drets --><\/p>\n<h2>Drets dels interessats<\/h2>\n<p>GIBERNAU ASESORES SL informa els usuaris que podran exercir els drets d&#8217;acc\u00e9s, rectificaci\u00f3, limitaci\u00f3, supressi\u00f3, portabilitat, oposici\u00f3 al tractament de les seves dades de car\u00e0cter personal i el dret a no ser objecte de decisions automatitzades, inclosa l&#8217;elaboraci\u00f3 de perfils, davant el Responsable del Tractament, aix\u00ed com la retirada del consentiment atorgat.<\/p>\n<ul class=\"rights-list\">\n<li><strong>Dret d&#8217;Acc\u00e9s<\/strong>\u00c9s el dret de l&#8217;usuari a obtenir confirmaci\u00f3 sobre si es tracten les seves dades i, en tal cas, les dades personals concretes tractades i la informaci\u00f3 legal del tractament (finalitats, base legitimadora, terminis de conservaci\u00f3, cessions, origen de les dades, etc.).<\/li>\n<li><strong>Dret de Rectificaci\u00f3<\/strong>\u00c9s el dret de l&#8217;afectat a que es modifiquin les dades que resultin ser inexactes o incompletes. En relaci\u00f3 amb la p\u00e0gina web, nom\u00e9s es podr\u00e0 satisfer en relaci\u00f3 amb aquella informaci\u00f3 que es trobi sota el control del lloc web, per exemple, eliminar comentaris publicats a la pr\u00f2pia p\u00e0gina, imatges o continguts web on constin dades de car\u00e0cter personal de l&#8217;usuari.<\/li>\n<li><strong>Dret a la Limitaci\u00f3 del tractament<\/strong>\u00c9s el dret a que es limitin les finalitats del tractament previstes de forma original pel responsable del tractament en determinats sup\u00f2sits.<\/li>\n<li><strong>Dret de Supressi\u00f3<\/strong>\u00c9s el dret a suprimir les dades de car\u00e0cter personal de l&#8217;usuari, a excepci\u00f3 del que preveu el propi RGPD (llibertat d&#8217;expressi\u00f3 i informaci\u00f3, obligacions de conservaci\u00f3, formulaci\u00f3, exercici o defensa de reclamacions, etc.).<\/li>\n<li><strong>Dret a la Portabilitat<\/strong>El dret a rebre les dades personals que l&#8217;usuari hagi facilitat, en un format estructurat, d&#8217;\u00fas com\u00fa i lectura mec\u00e0nica, i a transmetre-les a un altre responsable quan el tractament est\u00e0 basat en el consentiment o en l&#8217;execuci\u00f3 d&#8217;un contracte i s&#8217;efectu\u00ef per mitjans automatitzats.<\/li>\n<li><strong>Dret d&#8217;Oposici\u00f3<\/strong>\u00c9s el dret de l&#8217;usuari a que no es dugui a terme el tractament de les seves dades de car\u00e0cter personal o es cessi el tractament d&#8217;aquestes per part del lloc web quan el tractament estigui basat en l&#8217;inter\u00e8s leg\u00edtim o l&#8217;inter\u00e8s p\u00fablic o quan es tracti de tractaments de mercadot\u00e8cnia directa.<\/li>\n<li><strong>Dret a no ser objecte de decisions automatitzades, inclosa l&#8217;elaboraci\u00f3 de perfils<\/strong>Quan el tractament no \u00e9s necessari per a la celebraci\u00f3 o execuci\u00f3 d&#8217;un contracte, ni est\u00e0 autoritzada pel Dret de la Uni\u00f3 Europea o dels Estats membres ni es basa en el consentiment, teniu dret a no ser objecte d&#8217;una decisi\u00f3 basada \u00fanicament en el tractament automatitzat, inclosa l&#8217;elaboraci\u00f3 de perfils, que produeixi efectes jur\u00eddics o us afecti significativament de manera similar.<\/li>\n<li><strong>Dret a retirar el consentiment<\/strong>Per a qualsevol tractament basat en el vostre consentiment, teniu dret a retirar-lo, en qualsevol moment i de manera gratu\u00efta.<\/li>\n<\/ul>\n<p><!-- Com exercir els drets --><\/p>\n<h2>Com exercir els drets<\/h2>\n<p>Per exercir qualsevol dels drets en mat\u00e8ria de protecci\u00f3 de dades descrits anteriorment haureu de seguir les indicacions seg\u00fcents:<\/p>\n<div class=\"how-to\">\n<ul>\n<li>Presentaci\u00f3 d&#8217;un escrit a l&#8217;adre\u00e7a <strong>Rambla de Catalunya 47, 1a, 08007 Barcelona (Barcelona)<\/strong> (a l&#8217;atenci\u00f3 de GIBERNAU ASESORES SL) o b\u00e9 a trav\u00e9s de correu electr\u00f2nic a <a href=\"mailto:adgibernau@gibernauasesores.com\">adgibernau@gibernauasesores.com<\/a>.<\/li>\n<\/ul>\n<p style=\"margin: 1rem 0 0.5rem; font-weight: 500; font-size: 14px; color: var(--text);\">L&#8217;escrit tram\u00e8s pel titular de les dades personals (interessat\/ada) que sol\u00b7liciti l&#8217;exercici de drets haur\u00e0 de tenir en compte el seg\u00fcent:<\/p>\n<ul class=\"sub-list\">\n<li>S&#8217;haur\u00e0 d&#8217;identificar fefaentment i, en el cas que hi hagi dubtes sobre la identitat del sol\u00b7licitant, se li demanar\u00e0 que esmeni la petici\u00f3 (p. ex. sol\u00b7licitant m\u00e9s informaci\u00f3, com el n\u00famero de DNI, el document del DNI, el correu electr\u00f2nic que va aportar, etc.).<\/li>\n<li>La sol\u00b7licitud la pot realitzar el representant, legal o voluntari, quan aquest estigui degudament identificat i autoritzat pel titular de les dades (mitjan\u00e7ant una autoritzaci\u00f3 expressa del titular per exercir els drets personal\u00edssims regulats en la normativa en mat\u00e8ria de protecci\u00f3 de dades personals).<\/li>\n<li>Petici\u00f3 en qu\u00e8 es concreta la sol\u00b7licitud (Dret\/s que es pret\u00e9n\/en exercir). Si no fa refer\u00e8ncia a un tractament concret se li facilitar\u00e0 resposta en relaci\u00f3 amb tots els tractaments que afecten les seves dades de car\u00e0cter personal. Si sol\u00b7licita informaci\u00f3 d&#8217;un tractament en concret, nom\u00e9s la informaci\u00f3 d&#8217;aquest. Si ho sol\u00b7licita per tel\u00e8fon se li indicar\u00e0 que ho faci per escrit i se l&#8217;informar\u00e0 de com ho pot fer i l&#8217;adre\u00e7a a la qual l&#8217;ha d&#8217;enviar. Mai no se li donar\u00e0 informaci\u00f3 per tel\u00e8fon.<\/li>\n<li>Adre\u00e7a postal o electr\u00f2nica a efectes de notificacions.<\/li>\n<li>Documents acreditatius de la petici\u00f3 que formula, en cas que siguin necessaris.<\/li>\n<li>La persona sol\u00b7licitant ha d&#8217;utilitzar qualsevol mitj\u00e0 que permeti acreditar l&#8217;enviament i la recepci\u00f3 de la sol\u00b7licitud.<\/li>\n<\/ul>\n<\/div>\n<p>Finalment, us informem que teniu dret a presentar una reclamaci\u00f3 davant l&#8217;<strong>Ag\u00e8ncia Espanyola de Protecci\u00f3 de Dades<\/strong> en cas que tingueu coneixement o considereu que un fet pot suposar un incompliment de la normativa aplicable en mat\u00e8ria de protecci\u00f3 de dades.<\/p>\n<p>GIBERNAU ASESORES SL es compromet a adoptar les mesures t\u00e8cniques i organitzatives necess\u00e0ries, d&#8217;acord amb el nivell de riscos que acompanyen els tractaments realitzats per aquestes i indicats a l&#8217;apartat dels termes i condicions d&#8217;\u00fas, de manera que en garanteixin la integritat, la confidencialitat i la disponibilitat.<\/p>\n<div class=\"badge\">Darrera actualitzaci\u00f3: 7 de setembre de 2023<\/div>\n<\/div>\n<p>[\/vc_column_text][\/vc_column][\/vc_row]<\/p>\n<\/div>","protected":false},"excerpt":{"rendered":"<p>[vc_row css_animation=&#8221;&#8221; row_type=&#8221;row&#8221; use_row_as_full_screen_section=&#8221;no&#8221; type=&#8221;grid&#8221; angled_section=&#8221;no&#8221; text_align=&#8221;left&#8221; background_image_as_pattern=&#8221;without_pattern&#8221; z_index=&#8221;&#8221; css=&#8221;.vc_custom_1548103624244{padding-top: 60px !important;padding-bottom: 120px !important;}&#8221;][vc_column][vc_column_text css=&#8221;&#8221;] Dades del propietari del web Ra\u00f3 social GIBERNAU ASESORES SL NIF B61777876 Domini www.gibernau.es Adre\u00e7a postal Rambla de Catalunya 47, 1a, 08007 Barcelona (Barcelona) Adre\u00e7a electr\u00f2nica adgibernau@gibernauasesores.com Tel\u00e8fons 934882860 N\u00ba&#8230;<\/p>\n","protected":false},"author":1,"featured_media":0,"parent":0,"menu_order":21,"comment_status":"closed","ping_status":"closed","template":"full_width.php","meta":{"footnotes":""},"class_list":["post-2101","page","type-page","status-publish","hentry"],"_links":{"self":[{"href":"https:\/\/www.gibernau.es\/ca\/wp-json\/wp\/v2\/pages\/2101","targetHints":{"allow":["GET"]}}],"collection":[{"href":"https:\/\/www.gibernau.es\/ca\/wp-json\/wp\/v2\/pages"}],"about":[{"href":"https:\/\/www.gibernau.es\/ca\/wp-json\/wp\/v2\/types\/page"}],"author":[{"embeddable":true,"href":"https:\/\/www.gibernau.es\/ca\/wp-json\/wp\/v2\/users\/1"}],"replies":[{"embeddable":true,"href":"https:\/\/www.gibernau.es\/ca\/wp-json\/wp\/v2\/comments?post=2101"}],"version-history":[{"count":3,"href":"https:\/\/www.gibernau.es\/ca\/wp-json\/wp\/v2\/pages\/2101\/revisions"}],"predecessor-version":[{"id":3673,"href":"https:\/\/www.gibernau.es\/ca\/wp-json\/wp\/v2\/pages\/2101\/revisions\/3673"}],"wp:attachment":[{"href":"https:\/\/www.gibernau.es\/ca\/wp-json\/wp\/v2\/media?parent=2101"}],"curies":[{"name":"wp","href":"https:\/\/api.w.org\/{rel}","templated":true}]}}